{"id":42045,"date":"2025-06-03T13:46:47","date_gmt":"2025-06-03T11:46:47","guid":{"rendered":"https:\/\/iddocente.com\/formacion\/curs-online-daltes-capacitats\/"},"modified":"2026-04-29T18:35:22","modified_gmt":"2026-04-29T16:35:22","slug":"curs-online-altes-capacitats","status":"publish","type":"formacion","link":"https:\/\/iddocente.com\/ca\/formacion\/curs-online-altes-capacitats\/","title":{"rendered":"Curs online d&#8217;Altes Capacitats"},"content":{"rendered":"<h3>CONVOCAT\u00d2RIES<\/h3>\n<p>Iniciem convocat\u00f2ries tots els mesos de l&#8217;any a excepci\u00f3 del mes d&#8217;agost.<\/p>\n<p>Tamb\u00e9 organitzem edicions a mida personalitzant dates del curs per a <strong>grups de m\u00e9s de 5 docents<\/strong> d&#8217;un mateix centre educatiu.<\/p>\n<p>&nbsp;<\/p>\n<h3>PR\u00d2XIMS INICIS<\/h3>\n<p>Obert el termini d&#8217;inscripci\u00f3 de les seg\u00fcents convocat\u00f2ries:<\/p>\n<ul>\n<li>05\/05\/26 a 28\/06\/26<\/li>\n<li>02\/06\/26 a 31\/07\/26<\/li>\n<\/ul>\n<p>&nbsp;<\/p>\n<p>Del 03\/08\/26 al 30\/08\/26, amb motiu del per\u00edode de vacances d\u2019estiu, no hi haur\u00e0 servei de tutoria. La plataforma i tots els continguts estaran disponibles amb normalitat durant tot el per\u00edode formatiu.<\/p>\n\t\t<div data-elementor-type=\"section\" data-elementor-id=\"19595\" class=\"elementor elementor-19595\" data-elementor-post-type=\"elementor_library\">\n\t\t\t\t\t<section data-dce-background-color=\"#293171\" class=\"elementor-section elementor-top-section elementor-element elementor-element-6a32856f elementor-section-content-middle elementor-section-boxed elementor-section-height-default elementor-section-height-default\" data-id=\"6a32856f\" data-element_type=\"section\" data-e-type=\"section\" data-settings=\"{&quot;background_background&quot;:&quot;classic&quot;}\">\n\t\t\t\t\t\t<div class=\"elementor-container elementor-column-gap-default\">\n\t\t\t\t\t<div data-dce-background-color=\"#4052A0\" class=\"elementor-column elementor-col-66 elementor-top-column elementor-element elementor-element-50044408\" data-id=\"50044408\" data-element_type=\"column\" data-e-type=\"column\" data-settings=\"{&quot;background_background&quot;:&quot;classic&quot;}\">\n\t\t\t<div class=\"elementor-widget-wrap elementor-element-populated\">\n\t\t\t\t\t\t<div data-dce-title-color=\"#FFFFFF\" class=\"elementor-element elementor-element-3c9dbab8 elementor-widget elementor-widget-heading\" data-id=\"3c9dbab8\" data-element_type=\"widget\" data-e-type=\"widget\" data-widget_type=\"heading.default\">\n\t\t\t\t<div class=\"elementor-widget-container\">\n\t\t\t\t\t<p class=\"elementor-heading-title elementor-size-default\">Matr\u00edcula oberta: reserva aqu\u00ed la teva pla\u00e7a<\/p>\t\t\t\t<\/div>\n\t\t\t\t<\/div>\n\t\t\t\t\t<\/div>\n\t\t<\/div>\n\t\t\t\t<div data-dce-background-color=\"#4052A0\" class=\"elementor-column elementor-col-33 elementor-top-column elementor-element elementor-element-1c068d56\" data-id=\"1c068d56\" data-element_type=\"column\" data-e-type=\"column\" data-settings=\"{&quot;background_background&quot;:&quot;classic&quot;}\">\n\t\t\t<div class=\"elementor-widget-wrap elementor-element-populated\">\n\t\t\t\t\t\t<div data-dce-background-color=\"#FBC02D\" class=\"elementor-element elementor-element-611fde31 elementor-align-center elementor-widget elementor-widget-button\" data-id=\"611fde31\" data-element_type=\"widget\" data-e-type=\"widget\" data-widget_type=\"button.default\">\n\t\t\t\t<div class=\"elementor-widget-container\">\n\t\t\t\t\t\t\t\t\t<div class=\"elementor-button-wrapper\">\n\t\t\t\t\t<a class=\"elementor-button elementor-button-link elementor-size-xs\" href=\"https:\/\/iddocente.com\/ca\/inscripcio\/035\">\n\t\t\t\t\t\t<span class=\"elementor-button-content-wrapper\">\n\t\t\t\t\t\t\t\t\t<span class=\"elementor-button-text\">INSCRIU-TE<\/span>\n\t\t\t\t\t<\/span>\n\t\t\t\t\t<\/a>\n\t\t\t\t<\/div>\n\t\t\t\t\t\t\t\t<\/div>\n\t\t\t\t<\/div>\n\t\t\t\t\t<\/div>\n\t\t<\/div>\n\t\t\t\t\t<\/div>\n\t\t<\/section>\n\t\t\t\t<\/div>\n\t\t\n<p>&nbsp;<\/p>\n<h3>IDENTIFICAR, COMPRENDRE I ACOMPANYAR ALS ALUMNES AMB ALTES CAPACITATS<\/h3>\n<p>Comprendre i atendre els alumnes amb Altes Capacitats \u00e9s un dels grans reptes i alhora una valuosa oportunitat del sistema educatiu actual. Identificar el seu potencial, respondre a les seves necessitats espec\u00edfiques i oferir-los un entorn d&#8217;aprenentatge estimulant requereix una formaci\u00f3 s\u00f2lida, sensibilitat pedag\u00f2gica i una mirada integral que contempli tant els aspectes cognitius com els emocionals.<\/p>\n<p>La neuroci\u00e8ncia ha contribu\u00eft de manera significativa a ampliar la nostra comprensi\u00f3 sobre el funcionament cerebral en nens amb Altes Capacitats. Diversos estudis mostren que aquests alumnes presenten un desenvolupament neurol\u00f2gic singular, amb una major connectivitat entre \u00e0rees del cervell, una velocitat de processament m\u00e9s alta i una elevada sensibilitat emocional. Aquests trets, lluny de ser homogenis, es manifesten de manera molt diversa, la qual cosa exigeix enfocaments educatius flexibles i personalitzats.<\/p>\n<p>A m\u00e9s, continuen persistint mites i creences err\u00f2nies que dificulten la seva adequada identificaci\u00f3. No tots els alumnes amb Altes Capacitats obtenen bones qualificacions, ni destaquen sempre de manera evident a l&#8217;aula. De fet, molts d&#8217;ells poden passar desapercebuts, experimentar desmotivaci\u00f3, a\u00efllament social o fins i tot frac\u00e0s escolar si no reben l&#8217;atenci\u00f3 adequada. Per aix\u00f2, \u00e9s fonamental avan\u00e7ar en una cultura educativa que comprengui la complexitat del perfil d&#8217;aquests alumnes i afavoreixi una detecci\u00f3 preco\u00e7 i sense biaixos.<\/p>\n<p>Aquest curs ofereix als docents una formaci\u00f3 actualitzada, pr\u00e0ctica i basada en l&#8217;evid\u00e8ncia cient\u00edfica que els permetr\u00e0 identificar, comprendre i acompanyar de manera efica\u00e7 als alumnes amb Altes Capacitats, promovent aix\u00ed el seu ple desenvolupament acad\u00e8mic, personal i social.<\/p>\n<p>&nbsp;<\/p>\n<h3>MODALITAT<\/h3>\n<p>Modalitat: 100% online (as\u00edncron).<\/p>\n<p>&nbsp;<\/p>\n<h3>A QUI ES DIRIGEIX<\/h3>\n<p>Aquest curs est\u00e0 dirigit a docents i professionals de l&#8217;educaci\u00f3 interessats a identificar, comprendre i atendre adequadament l&#8217;alumnat amb Altes Capacitats, afavorint el seu desenvolupament integral i la seva inclusi\u00f3 educativa:<\/p>\n<ul>\n<li>Docents de totes les etapes educatives (Infantil, Prim\u00e0ria, Secund\u00e0ria, Batxillerat i Formaci\u00f3 Professional) que treballin o desitgin formar-se en l&#8217;atenci\u00f3 educativa a alumnes amb Altes Capacitats.<\/li>\n<li>Coordinadors pedag\u00f2gics, orientadors i equips directius compromesos amb la detecci\u00f3 i suport a les altes capacitats en els seus centres educatius.<\/li>\n<li>Altres professionals de l&#8217;\u00e0mbit educatiu i psicopedag\u00f2gic interessats a aprofundir en estrat\u00e8gies per a potenciar el talent i les capacitats excepcionals.<\/li>\n<\/ul>\n<p>&nbsp;<\/p>\n<p>No es requereixen coneixements previs per a realitzar aquest curs.<\/p>\n<p>&nbsp;<\/p>\n<h3>REQUISITS T\u00c8CNICS<\/h3>\n<p>Per a realitzar aquest curs nom\u00e9s necessites un ordinador amb connexi\u00f3 a Internet. Recomanem usar un navegador actualitzat (Google Chrome, Mozilla Firefox, Microsoft Edge, etc.) per a una millor experi\u00e8ncia de navegaci\u00f3.<\/p>\n<p>&nbsp;<\/p>\n<h3>DESCRIPCI\u00d3<\/h3>\n<p>El <strong>Curs online d&#8217;Altes Capacitats<\/strong> et proporcionar\u00e0 els coneixements, habilitats i estrat\u00e8gies necess\u00e0ries per a identificar, comprendre i acompanyar adequadament als alumnes amb Altes Capacitats, adaptant la teva pr\u00e0ctica docent a les seves necessitats cognitives, emocionals i socials.<\/p>\n<p>El nostre m\u00e8tode \u00e9s efica\u00e7, adaptat a les teves necessitats i altament flexible perqu\u00e8 puguis compaginar la teva formaci\u00f3 amb la teva vida personal i professional. El curs inclou:<\/p>\n<ul>\n<li>Acc\u00e9s a un exclusiu entorn d&#8217;aprenentatge e-learning dissenyat perqu\u00e8 puguis aprendre amb total flexibilitat i interactivitat, disponible les 24 hores del dia, els 7 dies de la setmana.<\/li>\n<li>Continguts exclusius de gran qualitat adaptats a l&#8217;era digital desenvolupats per professionals amb una s\u00f2lida experi\u00e8ncia en el sector educatiu.<\/li>\n<li>Continguts actualitzats sotmesos a una avaluaci\u00f3 i adaptaci\u00f3 cont\u00ednua, subjectes a revisions peri\u00f2diques per part del nostre equip docent.<\/li>\n<li>Nombrosos recursos per al teu aprenentatge en diferents formats.<\/li>\n<li>Tasques perqu\u00e8 puguis practicar\/reflexionar sobre els continguts apresos.<\/li>\n<li>Projecte final per treballar les habilitats i coneixements adquirits durant els m\u00f2duls te\u00f2ric-pr\u00e0ctics.<\/li>\n<li>Diferents f\u00f2rums per reflexionar\/comentar\/resoldre q\u00fcestions sobre el curs.<\/li>\n<li>Tutor responsable de guiar-te, orientar-te i donar-te suport durant el teu per\u00edode d&#8217;aprenentatge, resolent tots els teus dubtes i proporcionant-te feedback personalitzat en les activitats.<\/li>\n<li>Continguts del curs descarregables en format PDF.<\/li>\n<\/ul>\n\t\t<div data-elementor-type=\"section\" data-elementor-id=\"21927\" class=\"elementor elementor-21927\" data-elementor-post-type=\"elementor_library\">\n\t\t\t\t\t<section data-dce-background-color=\"#293171\" class=\"elementor-section elementor-top-section elementor-element elementor-element-4d082e10 elementor-section-content-middle elementor-section-boxed elementor-section-height-default elementor-section-height-default\" data-id=\"4d082e10\" data-element_type=\"section\" data-e-type=\"section\" data-settings=\"{&quot;background_background&quot;:&quot;classic&quot;}\">\n\t\t\t\t\t\t<div class=\"elementor-container elementor-column-gap-default\">\n\t\t\t\t\t<div data-dce-background-color=\"#4052A0\" class=\"elementor-column elementor-col-66 elementor-top-column elementor-element elementor-element-1ad3b87d\" data-id=\"1ad3b87d\" data-element_type=\"column\" data-e-type=\"column\" data-settings=\"{&quot;background_background&quot;:&quot;classic&quot;}\">\n\t\t\t<div class=\"elementor-widget-wrap elementor-element-populated\">\n\t\t\t\t\t\t<div data-dce-title-color=\"#FFFFFF\" class=\"elementor-element elementor-element-6acc8b19 elementor-widget elementor-widget-heading\" data-id=\"6acc8b19\" data-element_type=\"widget\" data-e-type=\"widget\" data-widget_type=\"heading.default\">\n\t\t\t\t<div class=\"elementor-widget-container\">\n\t\t\t\t\t<p class=\"elementor-heading-title elementor-size-default\">Tens algun dubte o consulta? Contacta sense comprom\u00eds!<\/p>\t\t\t\t<\/div>\n\t\t\t\t<\/div>\n\t\t\t\t\t<\/div>\n\t\t<\/div>\n\t\t\t\t<div data-dce-background-color=\"#4052A0\" class=\"elementor-column elementor-col-33 elementor-top-column elementor-element elementor-element-5e479770\" data-id=\"5e479770\" data-element_type=\"column\" data-e-type=\"column\" data-settings=\"{&quot;background_background&quot;:&quot;classic&quot;}\">\n\t\t\t<div class=\"elementor-widget-wrap elementor-element-populated\">\n\t\t\t\t\t\t<div data-dce-background-color=\"#FBC02D\" class=\"elementor-element elementor-element-40719986 elementor-align-center elementor-widget elementor-widget-button\" data-id=\"40719986\" data-element_type=\"widget\" data-e-type=\"widget\" data-widget_type=\"button.default\">\n\t\t\t\t<div class=\"elementor-widget-container\">\n\t\t\t\t\t\t\t\t\t<div class=\"elementor-button-wrapper\">\n\t\t\t\t\t<a class=\"elementor-button elementor-button-link elementor-size-xs\" href=\"#informacion\">\n\t\t\t\t\t\t<span class=\"elementor-button-content-wrapper\">\n\t\t\t\t\t\t\t\t\t<span class=\"elementor-button-text\">INFORMA'T<\/span>\n\t\t\t\t\t<\/span>\n\t\t\t\t\t<\/a>\n\t\t\t\t<\/div>\n\t\t\t\t\t\t\t\t<\/div>\n\t\t\t\t<\/div>\n\t\t\t\t\t<\/div>\n\t\t<\/div>\n\t\t\t\t\t<\/div>\n\t\t<\/section>\n\t\t\t\t<\/div>\n\t\t\n<p>&nbsp;<\/p>\n<h3>OBJECTIUS<\/h3>\n<p>Principals objectius del <strong>Curs online d&#8217;Altes Capacitats<\/strong>:<\/p>\n<ul>\n<li>Comprendre els fonaments te\u00f2rics de les Altes Capacitats, incloent-hi els seus conceptes clau i caracter\u00edstiques principals.<\/li>\n<li>Con\u00e8ixer els m\u00e8todes d&#8217;identificaci\u00f3 i avaluaci\u00f3 de nens amb Altes Capacitats.<\/li>\n<li>Recon\u00e8ixer el rol del docent en l&#8217;acompanyament i desenvolupament integral de l&#8217;alumnat amb Altes Capacitats.<\/li>\n<li>Aplicar estrat\u00e8gies i adaptacions educatives que afavoreixin el desenvolupament acad\u00e8mic d&#8217;aquests alumnes.<\/li>\n<li>Oferir suport socioemocional efectiu, tenint en compte les necessitats emocionals particulars de l&#8217;alumnat amb Altes Capacitats.<\/li>\n<li>Fomentar la col\u00b7laboraci\u00f3 amb les fam\u00edlies i la comunitat educativa com a part del proc\u00e9s de suport i enriquiment.<\/li>\n<li>Analitzar els desafiaments comuns a l&#8217;aula i proposar solucions pr\u00e0ctiques per a respondre a ells de manera inclusiva.<\/li>\n<li>Dissenyar entorns educatius adaptats que potenci\u00efn el desenvolupament acad\u00e8mic, emocional i social dels alumnes amb Altes Capacitats.<\/li>\n<li>Establir un pla d&#8217;avaluaci\u00f3 cont\u00ednua i seguiment, adaptat a les necessitats de l&#8217;alumnat amb Altes Capacitats.<\/li>\n<li>Integrar les estrat\u00e8gies del curs en la pr\u00e0ctica docent di\u00e0ria, fomentant una resposta educativa inclusiva i personalitzada.<\/li>\n<li>Promoure una visi\u00f3 inclusiva i lliure de mites sobre les Altes Capacitats en l&#8217;entorn escolar, contribuint a l&#8217;equitat educativa.<\/li>\n<\/ul>\n<p>&nbsp;<\/p>\n<h3>PROGRAMA<\/h3>\n<p>Continguts del programa del <strong>Curs online d&#8217;Altes Capacitats<\/strong>:<\/p>\n<p><span style=\"text-decoration: underline;\"><strong>M\u00f2dul 1.<\/strong><\/span><\/p>\n<p><span style=\"text-decoration: underline;\"><strong>Unitat 1: Introducci\u00f3 a les Altes Capacitats.<\/strong><\/span><\/p>\n<p>1. Concepte d&#8217;Altes Capacitats, superdotaci\u00f3 i talent.<br \/>\n2. Mites comuns sobre les Altes Capacitats.<br \/>\n3. Desenvolupament cerebral en nens amb Altes Capacitats: una perspectiva neurocient\u00edfica.<br \/>\n4. Import\u00e0ncia de la identificaci\u00f3 primerenca.<\/p>\n<p><span style=\"text-decoration: underline;\"><strong>Unitat 2: Caracter\u00edstiques dels nens amb Altes Capacitats.<\/strong><\/span><\/p>\n<p>1. Caracter\u00edstiques cognitives i acad\u00e8miques.<br \/>\n2. Caracter\u00edstiques menys comunes i sovint passades per alt en nens amb Altes Capacitats.<br \/>\n3. Potenciar el potencial \u00fanic dels estudiants amb Altes Capacitats.<\/p>\n<p><span style=\"text-decoration: underline;\"><strong>Unitat 3: M\u00e8todes d&#8217;identificaci\u00f3 i avaluaci\u00f3.<\/strong><\/span><\/p>\n<p>1. Eines per a la identificaci\u00f3 i avaluaci\u00f3.<br \/>\n2. Principals eines utilitzades en l&#8217;avaluaci\u00f3.<br \/>\n3. Factors a considerar a l&#8217;hora de triar les eines adequades per a l&#8217;avaluaci\u00f3 de les Altes Capacitats.<br \/>\n4. Limitacions i com superar-les en l&#8217;avaluaci\u00f3 d&#8217;altes capacitats intel\u00b7lectuals (AACC).<br \/>\n5. Observaci\u00f3 a l&#8217;aula i avaluacions psicol\u00f2giques.<br \/>\n6. Implicacions educatives de l&#8217;\u00fas de l&#8217;observaci\u00f3 a l&#8217;aula.<\/p>\n<p><span style=\"text-decoration: underline;\"><strong>Unitat 4: El rol del docent i la col\u00b7laboraci\u00f3 interdisciplin\u00e0ria en el desenvolupament de les AACC.<\/strong><\/span><\/p>\n<p>1. Introducci\u00f3.<br \/>\n2. Import\u00e0ncia del docent com a facilitador i mentor.<br \/>\n3. Capacitaci\u00f3 cont\u00ednua i recursos per a docents.<br \/>\n4. Col\u00b7laboraci\u00f3 interdisciplin\u00e0ria: una estrat\u00e8gia integral per a estudiants amb Altes Capacitats.<br \/>\n5. Exemples de col\u00b7laboraci\u00f3 reeixida.<\/p>\n<p><span style=\"text-decoration: underline;\"><strong>Unitat 5: Estrat\u00e8gies i adaptacions educatives.<\/strong><\/span><\/p>\n<p>1. Diferenciaci\u00f3 pedag\u00f2gica i enriquiment curricular.<br \/>\n2. Estrat\u00e8gies d&#8217;acceleraci\u00f3 i agrupaci\u00f3 per a nens amb Altes Capacitats.<br \/>\n3. Disseny de tasques desafiadores i adaptades a les necessitats dels estudiants.<br \/>\n4. Aplicaci\u00f3 d&#8217;estrat\u00e8gies en escenaris reals.<br \/>\n5. Com garantim que cap talent passi desapercebut?<\/p>\n<p><strong>Tasca Pr\u00e0ctica.<\/strong><\/p>\n<p><span style=\"text-decoration: underline;\"><strong>M\u00f2dul 2.<\/strong><\/span><\/p>\n<p><span style=\"text-decoration: underline;\"><strong>Unitat 6: Suport socioemocional per a nens amb altes capacitats.<\/strong><\/span><\/p>\n<p>1. Identificaci\u00f3 i maneig de necessitats emocionals.<br \/>\n2. Estrat\u00e8gies per a donar suport a la salut mental i social.<\/p>\n<p><span style=\"text-decoration: underline;\"><strong>Unitat 7: Interacci\u00f3 amb les fam\u00edlies i la comunitat.<\/strong><\/span><\/p>\n<p>1. Comunicaci\u00f3 efectiva amb pares i cuidadors.<br \/>\n2. La import\u00e0ncia d&#8217;una escola de pares per a fam\u00edlies amb nens d&#8217;altes capacitats.<br \/>\n3. Estrat\u00e8gies de col\u00b7laboraci\u00f3 per a la identificaci\u00f3 i suport.<br \/>\n4. Recursos, assessorament familiar i programes de suport comunitari.<\/p>\n<p><span style=\"text-decoration: underline;\"><strong>Unitat 8: Desafiaments comuns i solucions pr\u00e0ctiques en nens amb Altes Capacitats.<\/strong><\/span><\/p>\n<p>1. Maneig de la desmotivaci\u00f3 i avorriment en nens amb Altes Capacitats.<br \/>\n2. Prevenci\u00f3 de l&#8217;a\u00efllament social en nens amb Altes Capacitats.<br \/>\n3. El Perfeccionisme en nens amb Altes Capacitats.<br \/>\n4. Ansietat i l&#8217;estr\u00e8s en nens amb Altes Capacitats.<\/p>\n<p><span style=\"text-decoration: underline;\"><strong>Unitat 9: Avaluaci\u00f3 cont\u00ednua i seguiment del proc\u00e9s en nens amb Altes Capacitats.<\/strong><\/span><\/p>\n<p>1. Principis claus de l&#8217;avaluaci\u00f3 cont\u00ednua.<br \/>\n2. M\u00e8todes d&#8217;avaluaci\u00f3 cont\u00ednua i ajustos en les intervencions.<br \/>\n3. Seguiment del progr\u00e9s acad\u00e8mic i emocional.<\/p>\n<p><span style=\"text-decoration: underline;\"><strong>Unitat 10: Integraci\u00f3 d&#8217;estrat\u00e8gies i desenvolupament professional continu.<\/strong><\/span><\/p>\n<p>1. Consolidaci\u00f3 d&#8217;estrat\u00e8gies clau.<br \/>\n2. Planificaci\u00f3 d&#8217;intervencions a llarg termini.<br \/>\n3. Recursos i xarxes de suport.<br \/>\n4. Definici\u00f3 de pr\u00f2xims passos i comprom\u00eds.<\/p>\n<p><strong>Projecte Final.<\/strong><\/p>\n<p>&nbsp;<\/p>\n<h3>METODOLOGIA<\/h3>\n<p>Aquest curs ha estat dissenyat per a oferir-te una experi\u00e8ncia formativa pr\u00e0ctica, flexible i adaptada a les necessitats del context digital actual. Trobar\u00e0s continguts exclusius d&#8217;alta qualitat, juntament amb activitats que et permetran aplicar l&#8217;apr\u00e8s de manera immediata i significativa.<\/p>\n<p>Tindr\u00e0s acc\u00e9s a tots els continguts des del primer dia, perqu\u00e8 puguis avan\u00e7ar al teu propi ritme, sense horaris ni despla\u00e7aments, des de qualsevol lloc. Cada unitat inclou un test de progressi\u00f3 i tasques acuradament dissenyades, amb recursos variats que afavoreixen un aprenentatge din\u00e0mic i efectiu.<\/p>\n<p>Com a tancament del curs, realitzar\u00e0s un Projecte Final on posar\u00e0s en pr\u00e0ctica els coneixements adquirits, demostrant de manera tangible les compet\u00e8ncies desenvolupades i aportant valor a la teva labor professional.<\/p>\n<p>A m\u00e9s, comptar\u00e0s amb l&#8217;acompanyament d&#8217;un tutor amb \u00e0mplia experi\u00e8ncia en educaci\u00f3, que t&#8217;orientar\u00e0 i resoldr\u00e0 els teus dubtes en tot moment, perqu\u00e8 completis la formaci\u00f3 amb confian\u00e7a i \u00e8xit.<\/p>\n<p>&nbsp;<\/p>\n<h3>AVALUACI\u00d3<\/h3>\n<p>Per superar amb \u00e8xit el <strong>Curs online d&#8217;Altes Capacitats<\/strong><strong>\u00a0<\/strong>haur\u00e0s d&#8217;aconseguir una nota igual o superior a 70\/100 a partir dels resultats obtinguts en:<\/p>\n<ul>\n<li>Tasca Pr\u00e0ctica: 30%.<\/li>\n<li>Projecte Final: 70%.<\/li>\n<\/ul>\n<p>&nbsp;<\/p>\n<p>A m\u00e9s, haur\u00e0s de complir amb els seg\u00fcents requisits:<\/p>\n<ul>\n<li>Completar tots els continguts del curs.<\/li>\n<li>Superar tots els Test d&#8217;Unitat (nota igual o superior a 70\/100 amb intents il\u00b7limitats).<\/li>\n<li>Aprovar la Tasca Pr\u00e0ctica (nota igual o superior a 70\/100).<\/li>\n<li>Aprovar el Projecte Final (nota igual o superior a 70\/100).<\/li>\n<li>Contestar l\u2019enquesta de satisfacci\u00f3.<\/li>\n<\/ul>\n<p>&nbsp;<\/p>\n<h3>EQUIP DOCENT<\/h3>\n<p>Direcci\u00f3 del curs i Tutoritzaci\u00f3:<\/p>\n<ul>\n<li>Bel\u00e9n Pi\u00f1eiro: M\u00e0ster en Neuropsicologia i Educaci\u00f3. Professora d&#8217;Infantil. Especialitzada en Educaci\u00f3 Emocional i innovaci\u00f3 educativa.<\/li>\n<\/ul>\n<p>&nbsp;<\/p>\n<h3>TITULACI\u00d3<\/h3>\n<p>Per a qu\u00e8 et serveix aquest curs:<\/p>\n<ul>\n<li>Formaci\u00f3 permanent del professorat.<\/li>\n<li>Homologable a qualsevol Comunitat Aut\u00f2noma.<\/li>\n<li>M\u00e8rits en Oposicions i Concurs General de Trasllats (RD 276\/2007 i RD 1364\/2010).<\/li>\n<\/ul>\n<p>&nbsp;<\/p>\n<p><strong>Certificat Universitari<\/strong><\/p>\n<p>Curs certificat per la <a href=\"https:\/\/www.usj.es\/estudios\/centros-asociados\">Universitat San Jorge<\/a> com a formaci\u00f3 permanent del professorat d\u2019ensenyament no universitari, homologable a qualsevol Comunitat Aut\u00f2noma.<\/p>\n<ul>\n<li>45 hores \u00b7 1,8 ECTS.<\/li>\n<li>V\u00e0lid per a docents de centres p\u00fablics, concertats i privats.<\/li>\n<li>Certificat universitari em\u00e8s per la Universitat San Jorge.<\/li>\n<li>Enviament per correu electr\u00f2nic en un termini aproximat d\u20191\u20132 setmanes despr\u00e9s de la finalitzaci\u00f3 del curs.<\/li>\n<\/ul>\n<p>&nbsp;<\/p>\n<p><strong>Reconeixement directe per Conselleries d\u2019Educaci\u00f3<\/strong><\/p>\n<p>En algunes Comunitats Aut\u00f2nomes, el curs compta amb reconeixement oficial directe, el que implica que idDOCENTE tramita directament el reconeixement d\u2019aquest curs i el docent rep autom\u00e0ticament el certificat a la seva plataforma oficial (PADDOC, XTEC, OVIDOC) sense haver de fer tr\u00e0mits addicionals.<\/p>\n<p>Comunitats amb reconeixement directe:<\/p>\n<ul>\n<li>Arag\u00f3: <a href=\"https:\/\/www.boa.aragon.es\/cgi-bin\/EBOA\/BRSCGI?CMD=VEROBJ&amp;MLKOB=1408022620707\">consulta cursos reconeguts<\/a>.<\/li>\n<li>Catalunya: <a href=\"https:\/\/xtec.gencat.cat\/ca\/formacio\/formacio-altres-institucions\/activitats-reconegudes\/\">consulta cursos reconeguts<\/a>.<\/li>\n<li>Comunitat Valenciana: <a href=\"https:\/\/ceice.gva.es\/documents\/162880217\/396102173\/2025_EECC_va.pdf\/149cc959-8986-ccd8-0b2f-073815081c63?t=1757324130763\">consulta cursos reconeguts<\/a>.<\/li>\n<\/ul>\n<p>&nbsp;<\/p>\n<p>Qu\u00e8 implica aquest reconeixement:<\/p>\n<ul>\n<li>V\u00e0lid com a formaci\u00f3 permanent del professorat en aquesta CCAA.<\/li>\n<li>V\u00e0lid per a Oposicions, Sexennis, Estadis i Concurs General de Trasllats segons la normativa de cada CCAA.<\/li>\n<li>Sense tr\u00e0mits per part de l\u2019alumne.<\/li>\n<li>Certificat em\u00e8s directament per l\u2019Administraci\u00f3 educativa corresponent.<\/li>\n<\/ul>\n<p>&nbsp;<\/p>\n<p>Tot i que nom\u00e9s mostrem les CCAA amb reconeixement directe, el curs est\u00e0 certificat per la Universitat San Jorge i \u00e9s homologable com a formaci\u00f3 permanent a qualsevol Comunitat Aut\u00f2noma, v\u00e0lid per a oposicions i concursos a nivell estatal.<\/p>\n<p>&nbsp;<\/p>\n<h3>FORMACI\u00d3 BONIFICABLE<\/h3>\n<p>Aquest curs \u00e9s 100% bonificable a trav\u00e9s de FUNDAE, per la qual cosa no t\u00e9 cap cost addicional per al centre educatiu ni per al docent.<\/p>\n<p>Qui se\u2019n pot beneficiar:<\/p>\n<ul>\n<li>Centres educatius concertats o privats que vulguin formar el seu claustre docent.<\/li>\n<li>Docents en actiu de centres privats o concertats, a trav\u00e9s del seu centre.<\/li>\n<\/ul>\n<p>&nbsp;<\/p>\n<p>Com sol\u00b7licitar-ho:<\/p>\n<ul>\n<li>Consulta al teu centre la possibilitat de realitzar el curs mitjan\u00e7ant la bonificaci\u00f3 FUNDAE.<\/li>\n<li>Podem facilitar tota la documentaci\u00f3 necess\u00e0ria i, si ho desitgeu, encarregar-nos de la gesti\u00f3 completa.<\/li>\n<li>Acceptem sol\u00b7licituds a partir d\u20191 participant.<\/li>\n<\/ul>\n<p>&nbsp;<\/p>\n<h3>PREUS<\/h3>\n<p>El preu del curs \u00e9s de <strong>260 \u20ac.<\/strong><\/p>\n\n<p>&nbsp;<\/p>\n<p><strong>Certificaci\u00f3:<\/strong><\/p>\n<ul>\n<li>L\u2019expedici\u00f3 del diploma universitari (opcional) t\u00e9 un cost de <strong>39 \u20ac<\/strong>, corresponent a les taxes universit\u00e0ries, no incloses en el preu del curs.<\/li>\n<li>Els certificats emesos per administracions educatives auton\u00f2miques, quan el curs estigui reconegut, no tenen cap cost addicional.<\/li>\n<\/ul>\n<p>&nbsp;<\/p>\n<h3>INSCRIPCIONS<\/h3>\n<p>Si est\u00e0s interessat a inscriure&#8217;t, envia&#8217;ns emplenat el seg\u00fcent <a href=\"https:\/\/iddocente.com\/ca\/inscripcio\/035\" rel=\"noopener noreferrer\">Formulari d&#8217;inscripci\u00f3<\/a>.<\/p>\n<p>Com a m\u00e8todes de pagament, pots triar entre:<\/p>\n<ul>\n<li>Targeta d\u00e8bit\/cr\u00e8dit.<\/li>\n<li>Bizum.<\/li>\n<li>Pagament fraccionat sense interessos.<\/li>\n<li>Transfer\u00e8ncia banc\u00e0ria:\n<ul>\n<li>Titular: Innovaci\u00f3n y Desarrollo Docente<\/li>\n<li>Entitat: CAIXABANK<\/li>\n<li>N\u00famero de compte (IBAN): ES03 2100 3678 0222 0009 7498<\/li>\n<li>Concepte: escriu \u201cNOM + COGNOM\u201d de la persona que far\u00e0 el curs.<\/li>\n<\/ul>\n<\/li>\n<\/ul>\n<p>&nbsp;<\/p>\n<p>Una vegada rebem l&#8217;ingr\u00e9s, t&#8217;enviarem un e-mail de confirmaci\u00f3 i donarem per finalitzat el proc\u00e9s d&#8217;inscripci\u00f3.<\/p>\n<p>El mateix dia d&#8217;inici del curs rebr\u00e0s un correu de benvinguda amb tota la informaci\u00f3 necess\u00e0ria per a iniciar la teva formaci\u00f3.<\/p>\n<p>Ens reservem el dret de cancel\u00b7lar la celebraci\u00f3 del curs quan no s&#8217;aconsegueixi el nombre m\u00ednim d&#8217;alumnes establert. En aquest cas, es retornaria l&#8217;import total abonat.<\/p>\n<p>&nbsp;<\/p>\n<h3>GARANTIA DE QUALITAT<\/h3>\n<p>Prova el nostre curs sense comprom\u00eds durant 10 dies i, si no s&#8217;ajusta a les teves necessitats o consideres que no \u00e9s el que estaves buscant, et retornem \u00edntegrament els diners.<\/p>\n<p>Devoluci\u00f3 v\u00e0lida durant els 10 primers dies des de la data d&#8217;inici del curs, condicionada a no haver completat m\u00e9s de 2 Unitats ni haver lliurat cap Tasca.<\/p>\n\t\t<div data-elementor-type=\"section\" data-elementor-id=\"19601\" class=\"elementor elementor-19601\" data-elementor-post-type=\"elementor_library\">\n\t\t\t\t\t<section data-dce-background-color=\"#FBC02D\" class=\"elementor-section elementor-top-section elementor-element elementor-element-57c41b65 elementor-section-content-middle elementor-section-boxed elementor-section-height-default elementor-section-height-default\" data-id=\"57c41b65\" data-element_type=\"section\" data-e-type=\"section\" data-settings=\"{&quot;background_background&quot;:&quot;classic&quot;}\">\n\t\t\t\t\t\t<div class=\"elementor-container elementor-column-gap-default\">\n\t\t\t\t\t<div data-dce-background-color=\"#FBC02D\" class=\"elementor-column elementor-col-100 elementor-top-column elementor-element elementor-element-7af8244f\" data-id=\"7af8244f\" data-element_type=\"column\" data-e-type=\"column\" data-settings=\"{&quot;background_background&quot;:&quot;classic&quot;}\">\n\t\t\t<div class=\"elementor-widget-wrap elementor-element-populated\">\n\t\t\t\t\t\t<div data-dce-title-color=\"#FFFFFF\" class=\"elementor-element elementor-element-76dcb0cd elementor-widget elementor-widget-heading\" data-id=\"76dcb0cd\" data-element_type=\"widget\" data-e-type=\"widget\" data-widget_type=\"heading.default\">\n\t\t\t\t<div class=\"elementor-widget-container\">\n\t\t\t\t\t<p class=\"elementor-heading-title elementor-size-default\">Prova els nostres cursos sense comprom\u00eds durant 10 dies!<\/p>\t\t\t\t<\/div>\n\t\t\t\t<\/div>\n\t\t\t\t\t<\/div>\n\t\t<\/div>\n\t\t\t\t\t<\/div>\n\t\t<\/section>\n\t\t\t\t<\/div>\n\t\t\n<p>&nbsp;<\/p>\n<h3 id=\"informacion\">SOL\u00b7LICITUD D&#8217;INFORMACI\u00d3<\/h3>\n<p>Envia&#8217;ns el seg\u00fcent formulari i en un termini inferior a 24 hores t&#8217;enviarem tota la informaci\u00f3 sol\u00b7licitada (comprova la safata de &#8220;promocions&#8221; o &#8220;correu no desitjat&#8221; del teu correu electr\u00f2nic).<\/p>\n\n<div class=\"wpcf7 no-js\" id=\"wpcf7-f23203-o1\" lang=\"es-ES\" dir=\"ltr\" data-wpcf7-id=\"23203\">\n<div class=\"screen-reader-response\"><p role=\"status\" aria-live=\"polite\" aria-atomic=\"true\"><\/p> <ul><\/ul><\/div>\n<form action=\"\/ca\/wp-json\/wp\/v2\/formacion\/42045#wpcf7-f23203-o1\" method=\"post\" class=\"wpcf7-form init wpcf7-acceptance-as-validation\" aria-label=\"Formulario de contacto\" novalidate=\"novalidate\" data-status=\"init\">\n<fieldset class=\"hidden-fields-container\"><input type=\"hidden\" name=\"_wpcf7\" value=\"23203\" \/><input type=\"hidden\" name=\"_wpcf7_version\" value=\"6.1.5\" \/><input type=\"hidden\" name=\"_wpcf7_locale\" value=\"es_ES\" \/><input type=\"hidden\" name=\"_wpcf7_unit_tag\" value=\"wpcf7-f23203-o1\" \/><input type=\"hidden\" name=\"_wpcf7_container_post\" value=\"0\" \/><input type=\"hidden\" name=\"_wpcf7_posted_data_hash\" value=\"\" \/><input type=\"hidden\" name=\"_wpcf7dtx_version\" value=\"5.0.5\" \/><input type=\"hidden\" name=\"_wpcf7_recaptcha_response\" value=\"\" \/>\n<\/fieldset>\n<p><label> Nom<br \/>\n<span class=\"wpcf7-form-control-wrap\" data-name=\"nombre\"><input size=\"40\" maxlength=\"400\" class=\"wpcf7-form-control wpcf7-text\" aria-invalid=\"false\" value=\"\" type=\"text\" name=\"nombre\" \/><\/span> <\/label>\n<\/p>\n<p><label> Correu electr\u00f2nic (obligatori)<br \/>\n<span class=\"wpcf7-form-control-wrap\" data-name=\"email\"><input size=\"40\" maxlength=\"400\" class=\"wpcf7-form-control wpcf7-email wpcf7-validates-as-required wpcf7-text wpcf7-validates-as-email\" aria-required=\"true\" aria-invalid=\"false\" value=\"\" type=\"email\" name=\"email\" \/><\/span> <\/label>\n<\/p>\n<p><label> Tel\u00e8fon (obligatori)<br \/>\n<span class=\"wpcf7-form-control-wrap\" data-name=\"telefono\"><input size=\"40\" maxlength=\"400\" class=\"wpcf7-form-control wpcf7-tel wpcf7-validates-as-required wpcf7-text wpcf7-validates-as-tel\" aria-required=\"true\" aria-invalid=\"false\" value=\"\" type=\"tel\" name=\"telefono\" \/><\/span> <\/label>\n<\/p>\n<p><label> Missatge<br \/>\n<span class=\"wpcf7-form-control-wrap\" data-name=\"mensaje\"><textarea cols=\"40\" rows=\"10\" maxlength=\"2000\" class=\"wpcf7-form-control wpcf7-textarea\" aria-invalid=\"false\" name=\"mensaje\"><\/textarea><\/span> <\/label>\n<\/p>\n<p><label><span class=\"wpcf7-form-control-wrap\" data-name=\"acceptance-65\"><span class=\"wpcf7-form-control wpcf7-acceptance\"><span class=\"wpcf7-list-item\"><input type=\"checkbox\" name=\"acceptance-65\" value=\"1\" aria-invalid=\"false\" \/><\/span><\/span><\/span> He llegit i accepto la <a href=\"\/ca\/politica-de-privadesa\">pol\u00edtica de privadesa<\/a><\/label>\n<\/p>\n\n<p><input class=\"wpcf7-form-control wpcf7-submit has-spinner\" type=\"submit\" value=\"Enviar\" \/>\n<\/p>\n<p><label> RESPONSABLE DE LES DADES: Innovaci\u00f3n y Desarrollo Docente, S.L. FINALITAT: gesti\u00f3 de l'enviament de la informaci\u00f3 sol\u00b7licitada, aix\u00ed com comunicacions de l'empresa i del sector educatiu. LEGITIMACI\u00d3: consentiment de l'interessat. DESTINATARIS: les dades no es cediran a cap tercer, excepte obligaci\u00f3 legal. DRETS: tens dret a accedir, rectificar i suprimir les dades, portabilitat de les dades, limitaci\u00f3 o oposici\u00f3 al seu tractament. INFORMACI\u00d3 ADDICIONAL: pots consultar la informaci\u00f3 addicional i detallada sobre Protecci\u00f3 de Dades en l'enlla\u00e7 al peu d'aquesta p\u00e0gina.<\/label>\n<\/p>\n<p><input name=\"utm_source\" type=\"hidden\" value=\"\" \/><br \/>\n<input name=\"utm_medium\" type=\"hidden\" value=\"\" \/><br \/>\n<input name=\"utm_campaign\" type=\"hidden\" value=\"\" \/><br \/>\n<input name=\"utm_term\" type=\"hidden\" value=\"\" \/><br \/>\n<input name=\"utm_content\" type=\"hidden\" value=\"\" \/>\n<\/p><div class=\"wpcf7-response-output\" aria-hidden=\"true\"><\/div>\n<\/form>\n<\/div>\n\n","protected":false},"featured_media":42043,"menu_order":24,"template":"","categoria":[1372],"etiquetas":[1376,1377,1378,1379,1409,1528,1381],"class_list":["post-42045","formacion","type-formacion","status-publish","has-post-thumbnail","hentry","categoria-necessitats-especifiques-suport-educatiu-ca","etiquetas-arago-ca","etiquetas-catalunya-ca","etiquetas-destacat-ca","etiquetas-intensiu-ca","etiquetas-perfil-diversitat","etiquetas-usj","etiquetas-valencia-ca"],"acf":[],"yoast_head":"<!-- This site is optimized with the Yoast SEO plugin v27.3 - https:\/\/yoast.com\/product\/yoast-seo-wordpress\/ -->\n<title>Curso online d&#039;Altes Capacitats | idDOCENTE<\/title>\n<meta name=\"description\" content=\"Curs online d&#039;Altes Capacitats per a docents homologat com a formaci\u00f3 permanent del professorat\" \/>\n<meta name=\"robots\" content=\"index, follow, max-snippet:-1, max-image-preview:large, max-video-preview:-1\" \/>\n<link rel=\"canonical\" href=\"https:\/\/iddocente.com\/ca\/formacion\/curs-online-altes-capacitats\/\" \/>\n<meta property=\"og:locale\" content=\"ca_ES\" \/>\n<meta property=\"og:type\" content=\"article\" \/>\n<meta property=\"og:title\" content=\"Curso online d&#039;Altes Capacitats | idDOCENTE\" \/>\n<meta property=\"og:description\" content=\"Curs online d&#039;Altes Capacitats per a docents homologat com a formaci\u00f3 permanent del professorat\" \/>\n<meta property=\"og:url\" content=\"https:\/\/iddocente.com\/ca\/formacion\/curs-online-altes-capacitats\/\" \/>\n<meta property=\"og:site_name\" content=\"idDOCENTE\" \/>\n<meta property=\"article:publisher\" content=\"https:\/\/www.facebook.com\/IDDInnovacionDesarrolloDocente\" \/>\n<meta property=\"article:modified_time\" content=\"2026-04-29T16:35:22+00:00\" \/>\n<meta property=\"og:image\" content=\"https:\/\/iddocente.com\/wp-content\/uploads\/2025\/06\/curs_online_altes_capacitats_cat_24.jpg\" \/>\n\t<meta property=\"og:image:width\" content=\"1200\" \/>\n\t<meta property=\"og:image:height\" content=\"630\" \/>\n\t<meta property=\"og:image:type\" content=\"image\/jpeg\" \/>\n<meta name=\"twitter:card\" content=\"summary_large_image\" \/>\n<meta name=\"twitter:site\" content=\"@id_DOCENTE\" \/>\n<meta name=\"twitter:label1\" content=\"Temps estimat de lectura\" \/>\n\t<meta name=\"twitter:data1\" content=\"11 minuts\" \/>\n<script type=\"application\/ld+json\" class=\"yoast-schema-graph\">{\"@context\":\"https:\\\/\\\/schema.org\",\"@graph\":[{\"@type\":\"WebPage\",\"@id\":\"https:\\\/\\\/iddocente.com\\\/ca\\\/formacion\\\/curs-online-altes-capacitats\\\/\",\"url\":\"https:\\\/\\\/iddocente.com\\\/ca\\\/formacion\\\/curs-online-altes-capacitats\\\/\",\"name\":\"Curso online d'Altes Capacitats | idDOCENTE\",\"isPartOf\":{\"@id\":\"https:\\\/\\\/iddocente.com\\\/#website\"},\"primaryImageOfPage\":{\"@id\":\"https:\\\/\\\/iddocente.com\\\/ca\\\/formacion\\\/curs-online-altes-capacitats\\\/#primaryimage\"},\"image\":{\"@id\":\"https:\\\/\\\/iddocente.com\\\/ca\\\/formacion\\\/curs-online-altes-capacitats\\\/#primaryimage\"},\"thumbnailUrl\":\"https:\\\/\\\/iddocente.com\\\/wp-content\\\/uploads\\\/2025\\\/06\\\/curs_online_altes_capacitats_cat_24.jpg\",\"datePublished\":\"2025-06-03T11:46:47+00:00\",\"dateModified\":\"2026-04-29T16:35:22+00:00\",\"description\":\"Curs online d'Altes Capacitats per a docents homologat com a formaci\u00f3 permanent del professorat\",\"breadcrumb\":{\"@id\":\"https:\\\/\\\/iddocente.com\\\/ca\\\/formacion\\\/curs-online-altes-capacitats\\\/#breadcrumb\"},\"inLanguage\":\"ca\",\"potentialAction\":[{\"@type\":\"ReadAction\",\"target\":[\"https:\\\/\\\/iddocente.com\\\/ca\\\/formacion\\\/curs-online-altes-capacitats\\\/\"]}]},{\"@type\":\"ImageObject\",\"inLanguage\":\"ca\",\"@id\":\"https:\\\/\\\/iddocente.com\\\/ca\\\/formacion\\\/curs-online-altes-capacitats\\\/#primaryimage\",\"url\":\"https:\\\/\\\/iddocente.com\\\/wp-content\\\/uploads\\\/2025\\\/06\\\/curs_online_altes_capacitats_cat_24.jpg\",\"contentUrl\":\"https:\\\/\\\/iddocente.com\\\/wp-content\\\/uploads\\\/2025\\\/06\\\/curs_online_altes_capacitats_cat_24.jpg\",\"width\":1200,\"height\":630,\"caption\":\"altes capacitats\"},{\"@type\":\"BreadcrumbList\",\"@id\":\"https:\\\/\\\/iddocente.com\\\/ca\\\/formacion\\\/curs-online-altes-capacitats\\\/#breadcrumb\",\"itemListElement\":[{\"@type\":\"ListItem\",\"position\":1,\"name\":\"Portada\",\"item\":\"https:\\\/\\\/iddocente.com\\\/ca\\\/\"},{\"@type\":\"ListItem\",\"position\":2,\"name\":\"Curs online d&#8217;Altes Capacitats\"}]},{\"@type\":\"WebSite\",\"@id\":\"https:\\\/\\\/iddocente.com\\\/#website\",\"url\":\"https:\\\/\\\/iddocente.com\\\/\",\"name\":\"idDOCENTE\",\"description\":\"Formaci\u00f3n online para docentes y centros educativos\",\"publisher\":{\"@id\":\"https:\\\/\\\/iddocente.com\\\/#organization\"},\"potentialAction\":[{\"@type\":\"SearchAction\",\"target\":{\"@type\":\"EntryPoint\",\"urlTemplate\":\"https:\\\/\\\/iddocente.com\\\/?s={search_term_string}\"},\"query-input\":{\"@type\":\"PropertyValueSpecification\",\"valueRequired\":true,\"valueName\":\"search_term_string\"}}],\"inLanguage\":\"ca\"},{\"@type\":\"Organization\",\"@id\":\"https:\\\/\\\/iddocente.com\\\/#organization\",\"name\":\"idDOCENTE\",\"url\":\"https:\\\/\\\/iddocente.com\\\/\",\"logo\":{\"@type\":\"ImageObject\",\"inLanguage\":\"ca\",\"@id\":\"https:\\\/\\\/iddocente.com\\\/#\\\/schema\\\/logo\\\/image\\\/\",\"url\":\"https:\\\/\\\/iddocente.com\\\/wp-content\\\/uploads\\\/2017\\\/01\\\/logo-colored-295x109.png\",\"contentUrl\":\"https:\\\/\\\/iddocente.com\\\/wp-content\\\/uploads\\\/2017\\\/01\\\/logo-colored-295x109.png\",\"width\":298,\"height\":110,\"caption\":\"idDOCENTE\"},\"image\":{\"@id\":\"https:\\\/\\\/iddocente.com\\\/#\\\/schema\\\/logo\\\/image\\\/\"},\"sameAs\":[\"https:\\\/\\\/www.facebook.com\\\/IDDInnovacionDesarrolloDocente\",\"https:\\\/\\\/x.com\\\/id_DOCENTE\",\"https:\\\/\\\/www.instagram.com\\\/iddocente\\\/\",\"https:\\\/\\\/www.linkedin.com\\\/company\\\/iddocente\\\/\"]}]}<\/script>\n<!-- \/ Yoast SEO plugin. -->","yoast_head_json":{"title":"Curso online d'Altes Capacitats | idDOCENTE","description":"Curs online d'Altes Capacitats per a docents homologat com a formaci\u00f3 permanent del professorat","robots":{"index":"index","follow":"follow","max-snippet":"max-snippet:-1","max-image-preview":"max-image-preview:large","max-video-preview":"max-video-preview:-1"},"canonical":"https:\/\/iddocente.com\/ca\/formacion\/curs-online-altes-capacitats\/","og_locale":"ca_ES","og_type":"article","og_title":"Curso online d'Altes Capacitats | idDOCENTE","og_description":"Curs online d'Altes Capacitats per a docents homologat com a formaci\u00f3 permanent del professorat","og_url":"https:\/\/iddocente.com\/ca\/formacion\/curs-online-altes-capacitats\/","og_site_name":"idDOCENTE","article_publisher":"https:\/\/www.facebook.com\/IDDInnovacionDesarrolloDocente","article_modified_time":"2026-04-29T16:35:22+00:00","og_image":[{"width":1200,"height":630,"url":"https:\/\/iddocente.com\/wp-content\/uploads\/2025\/06\/curs_online_altes_capacitats_cat_24.jpg","type":"image\/jpeg"}],"twitter_card":"summary_large_image","twitter_site":"@id_DOCENTE","twitter_misc":{"Temps estimat de lectura":"11 minuts"},"schema":{"@context":"https:\/\/schema.org","@graph":[{"@type":"WebPage","@id":"https:\/\/iddocente.com\/ca\/formacion\/curs-online-altes-capacitats\/","url":"https:\/\/iddocente.com\/ca\/formacion\/curs-online-altes-capacitats\/","name":"Curso online d'Altes Capacitats | idDOCENTE","isPartOf":{"@id":"https:\/\/iddocente.com\/#website"},"primaryImageOfPage":{"@id":"https:\/\/iddocente.com\/ca\/formacion\/curs-online-altes-capacitats\/#primaryimage"},"image":{"@id":"https:\/\/iddocente.com\/ca\/formacion\/curs-online-altes-capacitats\/#primaryimage"},"thumbnailUrl":"https:\/\/iddocente.com\/wp-content\/uploads\/2025\/06\/curs_online_altes_capacitats_cat_24.jpg","datePublished":"2025-06-03T11:46:47+00:00","dateModified":"2026-04-29T16:35:22+00:00","description":"Curs online d'Altes Capacitats per a docents homologat com a formaci\u00f3 permanent del professorat","breadcrumb":{"@id":"https:\/\/iddocente.com\/ca\/formacion\/curs-online-altes-capacitats\/#breadcrumb"},"inLanguage":"ca","potentialAction":[{"@type":"ReadAction","target":["https:\/\/iddocente.com\/ca\/formacion\/curs-online-altes-capacitats\/"]}]},{"@type":"ImageObject","inLanguage":"ca","@id":"https:\/\/iddocente.com\/ca\/formacion\/curs-online-altes-capacitats\/#primaryimage","url":"https:\/\/iddocente.com\/wp-content\/uploads\/2025\/06\/curs_online_altes_capacitats_cat_24.jpg","contentUrl":"https:\/\/iddocente.com\/wp-content\/uploads\/2025\/06\/curs_online_altes_capacitats_cat_24.jpg","width":1200,"height":630,"caption":"altes capacitats"},{"@type":"BreadcrumbList","@id":"https:\/\/iddocente.com\/ca\/formacion\/curs-online-altes-capacitats\/#breadcrumb","itemListElement":[{"@type":"ListItem","position":1,"name":"Portada","item":"https:\/\/iddocente.com\/ca\/"},{"@type":"ListItem","position":2,"name":"Curs online d&#8217;Altes Capacitats"}]},{"@type":"WebSite","@id":"https:\/\/iddocente.com\/#website","url":"https:\/\/iddocente.com\/","name":"idDOCENTE","description":"Formaci\u00f3n online para docentes y centros educativos","publisher":{"@id":"https:\/\/iddocente.com\/#organization"},"potentialAction":[{"@type":"SearchAction","target":{"@type":"EntryPoint","urlTemplate":"https:\/\/iddocente.com\/?s={search_term_string}"},"query-input":{"@type":"PropertyValueSpecification","valueRequired":true,"valueName":"search_term_string"}}],"inLanguage":"ca"},{"@type":"Organization","@id":"https:\/\/iddocente.com\/#organization","name":"idDOCENTE","url":"https:\/\/iddocente.com\/","logo":{"@type":"ImageObject","inLanguage":"ca","@id":"https:\/\/iddocente.com\/#\/schema\/logo\/image\/","url":"https:\/\/iddocente.com\/wp-content\/uploads\/2017\/01\/logo-colored-295x109.png","contentUrl":"https:\/\/iddocente.com\/wp-content\/uploads\/2017\/01\/logo-colored-295x109.png","width":298,"height":110,"caption":"idDOCENTE"},"image":{"@id":"https:\/\/iddocente.com\/#\/schema\/logo\/image\/"},"sameAs":["https:\/\/www.facebook.com\/IDDInnovacionDesarrolloDocente","https:\/\/x.com\/id_DOCENTE","https:\/\/www.instagram.com\/iddocente\/","https:\/\/www.linkedin.com\/company\/iddocente\/"]}]}},"_links":{"self":[{"href":"https:\/\/iddocente.com\/ca\/wp-json\/wp\/v2\/formacion\/42045","targetHints":{"allow":["GET"]}}],"collection":[{"href":"https:\/\/iddocente.com\/ca\/wp-json\/wp\/v2\/formacion"}],"about":[{"href":"https:\/\/iddocente.com\/ca\/wp-json\/wp\/v2\/types\/formacion"}],"wp:featuredmedia":[{"embeddable":true,"href":"https:\/\/iddocente.com\/ca\/wp-json\/wp\/v2\/media\/42043"}],"wp:attachment":[{"href":"https:\/\/iddocente.com\/ca\/wp-json\/wp\/v2\/media?parent=42045"}],"wp:term":[{"taxonomy":"categoria","embeddable":true,"href":"https:\/\/iddocente.com\/ca\/wp-json\/wp\/v2\/categoria?post=42045"},{"taxonomy":"etiquetas","embeddable":true,"href":"https:\/\/iddocente.com\/ca\/wp-json\/wp\/v2\/etiquetas?post=42045"}],"curies":[{"name":"wp","href":"https:\/\/api.w.org\/{rel}","templated":true}]}}